{"id":663,"date":"2024-12-02T21:34:36","date_gmt":"2024-12-02T21:34:36","guid":{"rendered":"https:\/\/orderwisly.pl\/?page_id=663"},"modified":"2025-03-28T15:45:50","modified_gmt":"2025-03-28T15:45:50","slug":"partnerzy-vii-gali","status":"publish","type":"page","link":"https:\/\/orderwisly.pl\/?page_id=663","title":{"rendered":"Partnerzy VII Gali"},"content":{"rendered":"\n<p class=\"has-text-align-center has-small-font-size\"><em>Szanowni Pa\u0144stwo,<br>Jeste\u015bmy dumni, \u017ce rokrocznie mo\u017cemy liczy\u0107 na Pa\u0144stwa wsparcie, \u017ce zawieramy nowe partnerstwa i razem realizujemy idee zwi\u0105zane z tradycj\u0105 Rzeki Wis\u0142y. Zapraszamy ka\u017cdego, kto chcia\u0142by pom\u00f3c w naszej oddolnej, apolitycznej inicjatywie nagradzania najbardziej zas\u0142u\u017conych w zakresie promocji tradycji wi\u015blanych, \u017ceglugi oraz szkutnictwa.<\/em><\/p>\n\n\n\n<h2 class=\"wp-block-heading has-text-align-center has-large-font-size\"><strong>VII Gala Orderu Rzeki Wis\u0142y<\/strong><\/h2>\n\n\n\n<p class=\"has-text-align-center\"><strong>Sandomierz 2025<\/strong><br><strong>15-16 lutego <\/strong><\/p>\n\n\n\n<p class=\"has-text-align-center has-medium-font-size\"><strong>Honorowy patronat<\/strong><br> <img loading=\"lazy\" decoding=\"async\" width=\"270\" height=\"82\" class=\"wp-image-734\" style=\"width: 270px;\" src=\"https:\/\/orderwisly.pl\/wp-content\/uploads\/2025\/03\/logoMarszalekSw-scaled.jpg\" alt=\"\" srcset=\"https:\/\/orderwisly.pl\/wp-content\/uploads\/2025\/03\/logoMarszalekSw-scaled.jpg 2560w, https:\/\/orderwisly.pl\/wp-content\/uploads\/2025\/03\/logoMarszalekSw-300x91.jpg 300w, https:\/\/orderwisly.pl\/wp-content\/uploads\/2025\/03\/logoMarszalekSw-1024x312.jpg 1024w, https:\/\/orderwisly.pl\/wp-content\/uploads\/2025\/03\/logoMarszalekSw-768x234.jpg 768w, https:\/\/orderwisly.pl\/wp-content\/uploads\/2025\/03\/logoMarszalekSw-1536x468.jpg 1536w, https:\/\/orderwisly.pl\/wp-content\/uploads\/2025\/03\/logoMarszalekSw-2048x624.jpg 2048w, https:\/\/orderwisly.pl\/wp-content\/uploads\/2025\/03\/logoMarszalekSw-960x292.jpg 960w\" sizes=\"auto, (max-width: 270px) 100vw, 270px\" \/>                                 <img loading=\"lazy\" decoding=\"async\" width=\"120\" height=\"103\" class=\"wp-image-691\" style=\"width: 120px;\" src=\"https:\/\/orderwisly.pl\/wp-content\/uploads\/2025\/01\/logo-unesco_natcom.png\" alt=\"Polski Komitet do spraw UNESCO\" srcset=\"https:\/\/orderwisly.pl\/wp-content\/uploads\/2025\/01\/logo-unesco_natcom.png 748w, https:\/\/orderwisly.pl\/wp-content\/uploads\/2025\/01\/logo-unesco_natcom-300x257.png 300w\" sizes=\"auto, (max-width: 120px) 100vw, 120px\" \/><br>oraz<br><img loading=\"lazy\" decoding=\"async\" width=\"240\" height=\"64\" class=\"wp-image-698\" style=\"width: 240px;\" src=\"https:\/\/orderwisly.pl\/wp-content\/uploads\/2025\/01\/herb-starosta-sandomierski.png\" alt=\"\" srcset=\"https:\/\/orderwisly.pl\/wp-content\/uploads\/2025\/01\/herb-starosta-sandomierski.png 3566w, https:\/\/orderwisly.pl\/wp-content\/uploads\/2025\/01\/herb-starosta-sandomierski-300x80.png 300w, https:\/\/orderwisly.pl\/wp-content\/uploads\/2025\/01\/herb-starosta-sandomierski-1024x272.png 1024w, https:\/\/orderwisly.pl\/wp-content\/uploads\/2025\/01\/herb-starosta-sandomierski-768x204.png 768w, https:\/\/orderwisly.pl\/wp-content\/uploads\/2025\/01\/herb-starosta-sandomierski-1536x408.png 1536w, https:\/\/orderwisly.pl\/wp-content\/uploads\/2025\/01\/herb-starosta-sandomierski-2048x544.png 2048w, https:\/\/orderwisly.pl\/wp-content\/uploads\/2025\/01\/herb-starosta-sandomierski-960x255.png 960w\" sizes=\"auto, (max-width: 240px) 100vw, 240px\" \/>                    <img loading=\"lazy\" decoding=\"async\" width=\"210\" height=\"59\" class=\"wp-image-697\" style=\"width: 210px;\" src=\"https:\/\/orderwisly.pl\/wp-content\/uploads\/2025\/01\/herb-burmistrz-Sandomierza.png\" alt=\"\" srcset=\"https:\/\/orderwisly.pl\/wp-content\/uploads\/2025\/01\/herb-burmistrz-Sandomierza.png 3355w, https:\/\/orderwisly.pl\/wp-content\/uploads\/2025\/01\/herb-burmistrz-Sandomierza-300x84.png 300w, https:\/\/orderwisly.pl\/wp-content\/uploads\/2025\/01\/herb-burmistrz-Sandomierza-1024x287.png 1024w, https:\/\/orderwisly.pl\/wp-content\/uploads\/2025\/01\/herb-burmistrz-Sandomierza-768x215.png 768w, https:\/\/orderwisly.pl\/wp-content\/uploads\/2025\/01\/herb-burmistrz-Sandomierza-1536x430.png 1536w, https:\/\/orderwisly.pl\/wp-content\/uploads\/2025\/01\/herb-burmistrz-Sandomierza-2048x574.png 2048w, https:\/\/orderwisly.pl\/wp-content\/uploads\/2025\/01\/herb-burmistrz-Sandomierza-960x269.png 960w\" sizes=\"auto, (max-width: 210px) 100vw, 210px\" \/><\/p>\n\n\n\n<p class=\"has-text-align-center\"><strong>Fundator VII Orderu Rzeki Wis\u0142y<\/strong><br><img loading=\"lazy\" decoding=\"async\" width=\"2273\" height=\"689\" class=\"wp-image-408\" style=\"width: 180px; vertical-align:middle;margin:15px\" src=\"https:\/\/orderwisly.pl\/wp-content\/uploads\/2023\/02\/wojewodztwo-swietokrzyskie.jpg\" alt=\"\" srcset=\"https:\/\/orderwisly.pl\/wp-content\/uploads\/2023\/02\/wojewodztwo-swietokrzyskie.jpg 2273w, https:\/\/orderwisly.pl\/wp-content\/uploads\/2023\/02\/wojewodztwo-swietokrzyskie-300x91.jpg 300w, https:\/\/orderwisly.pl\/wp-content\/uploads\/2023\/02\/wojewodztwo-swietokrzyskie-1024x310.jpg 1024w, https:\/\/orderwisly.pl\/wp-content\/uploads\/2023\/02\/wojewodztwo-swietokrzyskie-768x233.jpg 768w, https:\/\/orderwisly.pl\/wp-content\/uploads\/2023\/02\/wojewodztwo-swietokrzyskie-1536x466.jpg 1536w, https:\/\/orderwisly.pl\/wp-content\/uploads\/2023\/02\/wojewodztwo-swietokrzyskie-2048x621.jpg 2048w, https:\/\/orderwisly.pl\/wp-content\/uploads\/2023\/02\/wojewodztwo-swietokrzyskie-960x291.jpg 960w\" sizes=\"auto, (max-width: 2273px) 100vw, 2273px\" \/><\/p>\n\n\n\n<p class=\"has-text-align-center\"><strong>Patronat merytoryczny<\/strong><br><br><img loading=\"lazy\" decoding=\"async\" width=\"150\" height=\"150\" class=\"wp-image-721\" style=\"width: 150px;\" src=\"https:\/\/orderwisly.pl\/wp-content\/uploads\/2025\/02\/IMGW-PIB_LOGO_PODSTAWOWE_PL_RGB-scaled.jpg\" alt=\"\" srcset=\"https:\/\/orderwisly.pl\/wp-content\/uploads\/2025\/02\/IMGW-PIB_LOGO_PODSTAWOWE_PL_RGB-scaled.jpg 2560w, https:\/\/orderwisly.pl\/wp-content\/uploads\/2025\/02\/IMGW-PIB_LOGO_PODSTAWOWE_PL_RGB-300x300.jpg 300w, https:\/\/orderwisly.pl\/wp-content\/uploads\/2025\/02\/IMGW-PIB_LOGO_PODSTAWOWE_PL_RGB-1024x1024.jpg 1024w, https:\/\/orderwisly.pl\/wp-content\/uploads\/2025\/02\/IMGW-PIB_LOGO_PODSTAWOWE_PL_RGB-150x150.jpg 150w, https:\/\/orderwisly.pl\/wp-content\/uploads\/2025\/02\/IMGW-PIB_LOGO_PODSTAWOWE_PL_RGB-768x768.jpg 768w, https:\/\/orderwisly.pl\/wp-content\/uploads\/2025\/02\/IMGW-PIB_LOGO_PODSTAWOWE_PL_RGB-1536x1536.jpg 1536w, https:\/\/orderwisly.pl\/wp-content\/uploads\/2025\/02\/IMGW-PIB_LOGO_PODSTAWOWE_PL_RGB-2048x2048.jpg 2048w, https:\/\/orderwisly.pl\/wp-content\/uploads\/2025\/02\/IMGW-PIB_LOGO_PODSTAWOWE_PL_RGB-960x960.jpg 960w\" sizes=\"auto, (max-width: 150px) 100vw, 150px\" \/><\/p>\n\n\n\n<div class=\"wp-block-group\"><div class=\"wp-block-group__inner-container is-layout-constrained wp-block-group-is-layout-constrained\">\n<p class=\"has-text-align-center has-medium-font-size\"><strong>Partnerzy g\u0142\u00f3wni<\/strong> <strong>VII Gali Orderu Rzeki Wis\u0142y<\/strong><\/p>\n\n\n\n<p class=\"has-text-align-center\"><img loading=\"lazy\" decoding=\"async\" width=\"130\" height=\"51\" class=\"wp-image-404\" style=\"width: 130px;\" src=\"https:\/\/orderwisly.pl\/wp-content\/uploads\/2023\/02\/miasto-Sandomierz.jpg\" alt=\"\" srcset=\"https:\/\/orderwisly.pl\/wp-content\/uploads\/2023\/02\/miasto-Sandomierz.jpg 1773w, https:\/\/orderwisly.pl\/wp-content\/uploads\/2023\/02\/miasto-Sandomierz-300x117.jpg 300w, https:\/\/orderwisly.pl\/wp-content\/uploads\/2023\/02\/miasto-Sandomierz-1024x398.jpg 1024w, https:\/\/orderwisly.pl\/wp-content\/uploads\/2023\/02\/miasto-Sandomierz-768x298.jpg 768w, https:\/\/orderwisly.pl\/wp-content\/uploads\/2023\/02\/miasto-Sandomierz-1536x597.jpg 1536w, https:\/\/orderwisly.pl\/wp-content\/uploads\/2023\/02\/miasto-Sandomierz-960x373.jpg 960w\" sizes=\"auto, (max-width: 130px) 100vw, 130px\" \/>    <img loading=\"lazy\" decoding=\"async\" width=\"140\" height=\"52\" class=\"wp-image-405\" style=\"width: 140px;\" src=\"https:\/\/orderwisly.pl\/wp-content\/uploads\/2023\/02\/powiat-Sandomierski.jpg\" alt=\"\" srcset=\"https:\/\/orderwisly.pl\/wp-content\/uploads\/2023\/02\/powiat-Sandomierski.jpg 1891w, https:\/\/orderwisly.pl\/wp-content\/uploads\/2023\/02\/powiat-Sandomierski-300x110.jpg 300w, https:\/\/orderwisly.pl\/wp-content\/uploads\/2023\/02\/powiat-Sandomierski-1024x377.jpg 1024w, https:\/\/orderwisly.pl\/wp-content\/uploads\/2023\/02\/powiat-Sandomierski-768x283.jpg 768w, https:\/\/orderwisly.pl\/wp-content\/uploads\/2023\/02\/powiat-Sandomierski-1536x565.jpg 1536w, https:\/\/orderwisly.pl\/wp-content\/uploads\/2023\/02\/powiat-Sandomierski-960x353.jpg 960w\" sizes=\"auto, (max-width: 140px) 100vw, 140px\" \/><\/p>\n\n\n\n<p class=\"has-text-align-center has-medium-font-size\"><strong>Partnerzy VII Gali Orderu Rzeki Wis\u0142y<\/strong><\/p>\n\n\n\n<p class=\"has-text-align-center has-small-font-size\"><img loading=\"lazy\" decoding=\"async\" width=\"484\" height=\"323\" margin=\"25px\" class=\"wp-image-569\" style=\"width: 90px; vertical-align:middle;margin:15px\" src=\"https:\/\/orderwisly.pl\/wp-content\/uploads\/2024\/02\/MuzeumKrakowa-logo.jpeg\" alt=\"\" srcset=\"https:\/\/orderwisly.pl\/wp-content\/uploads\/2024\/02\/MuzeumKrakowa-logo.jpeg 484w, https:\/\/orderwisly.pl\/wp-content\/uploads\/2024\/02\/MuzeumKrakowa-logo-300x200.jpeg 300w\" sizes=\"auto, (max-width: 484px) 100vw, 484px\" \/><img loading=\"lazy\" decoding=\"async\" width=\"2273\" height=\"689\" class=\"wp-image-408\" style=\"width: 180px; vertical-align:middle;margin:15px\" src=\"https:\/\/orderwisly.pl\/wp-content\/uploads\/2023\/02\/wojewodztwo-swietokrzyskie.jpg\" alt=\"\" srcset=\"https:\/\/orderwisly.pl\/wp-content\/uploads\/2023\/02\/wojewodztwo-swietokrzyskie.jpg 2273w, https:\/\/orderwisly.pl\/wp-content\/uploads\/2023\/02\/wojewodztwo-swietokrzyskie-300x91.jpg 300w, https:\/\/orderwisly.pl\/wp-content\/uploads\/2023\/02\/wojewodztwo-swietokrzyskie-1024x310.jpg 1024w, https:\/\/orderwisly.pl\/wp-content\/uploads\/2023\/02\/wojewodztwo-swietokrzyskie-768x233.jpg 768w, https:\/\/orderwisly.pl\/wp-content\/uploads\/2023\/02\/wojewodztwo-swietokrzyskie-1536x466.jpg 1536w, https:\/\/orderwisly.pl\/wp-content\/uploads\/2023\/02\/wojewodztwo-swietokrzyskie-2048x621.jpg 2048w, https:\/\/orderwisly.pl\/wp-content\/uploads\/2023\/02\/wojewodztwo-swietokrzyskie-960x291.jpg 960w\" sizes=\"auto, (max-width: 2273px) 100vw, 2273px\" \/><img loading=\"lazy\" decoding=\"async\" width=\"1773\" height=\"1031\" class=\"wp-image-398\" style=\"width: 96px; vertical-align:middle;margin:15px\" src=\"https:\/\/orderwisly.pl\/wp-content\/uploads\/2023\/02\/gmina-dwikozy-1.jpg\" alt=\"\" srcset=\"https:\/\/orderwisly.pl\/wp-content\/uploads\/2023\/02\/gmina-dwikozy-1.jpg 1773w, https:\/\/orderwisly.pl\/wp-content\/uploads\/2023\/02\/gmina-dwikozy-1-300x174.jpg 300w, https:\/\/orderwisly.pl\/wp-content\/uploads\/2023\/02\/gmina-dwikozy-1-1024x595.jpg 1024w, https:\/\/orderwisly.pl\/wp-content\/uploads\/2023\/02\/gmina-dwikozy-1-768x447.jpg 768w, https:\/\/orderwisly.pl\/wp-content\/uploads\/2023\/02\/gmina-dwikozy-1-1536x893.jpg 1536w, https:\/\/orderwisly.pl\/wp-content\/uploads\/2023\/02\/gmina-dwikozy-1-960x558.jpg 960w\" sizes=\"auto, (max-width: 1773px) 100vw, 1773px\" \/><img loading=\"lazy\" decoding=\"async\" width=\"1726\" height=\"692\" class=\"wp-image-406\" style=\"width: 141px; vertical-align:middle;margin:15px\" src=\"https:\/\/orderwisly.pl\/wp-content\/uploads\/2023\/02\/samborzec.jpg\" alt=\"\" srcset=\"https:\/\/orderwisly.pl\/wp-content\/uploads\/2023\/02\/samborzec.jpg 1726w, https:\/\/orderwisly.pl\/wp-content\/uploads\/2023\/02\/samborzec-300x120.jpg 300w, https:\/\/orderwisly.pl\/wp-content\/uploads\/2023\/02\/samborzec-1024x411.jpg 1024w, https:\/\/orderwisly.pl\/wp-content\/uploads\/2023\/02\/samborzec-768x308.jpg 768w, https:\/\/orderwisly.pl\/wp-content\/uploads\/2023\/02\/samborzec-1536x616.jpg 1536w, https:\/\/orderwisly.pl\/wp-content\/uploads\/2023\/02\/samborzec-960x385.jpg 960w\" sizes=\"auto, (max-width: 1726px) 100vw, 1726px\" \/><img loading=\"lazy\" decoding=\"async\" width=\"1936\" height=\"691\" class=\"wp-image-409\" style=\"width: 150px; vertical-align:middle;margin:15px\" src=\"https:\/\/orderwisly.pl\/wp-content\/uploads\/2023\/02\/zawichost.jpg\" alt=\"\" srcset=\"https:\/\/orderwisly.pl\/wp-content\/uploads\/2023\/02\/zawichost.jpg 1936w, https:\/\/orderwisly.pl\/wp-content\/uploads\/2023\/02\/zawichost-300x107.jpg 300w, https:\/\/orderwisly.pl\/wp-content\/uploads\/2023\/02\/zawichost-1024x365.jpg 1024w, https:\/\/orderwisly.pl\/wp-content\/uploads\/2023\/02\/zawichost-768x274.jpg 768w, https:\/\/orderwisly.pl\/wp-content\/uploads\/2023\/02\/zawichost-1536x548.jpg 1536w, https:\/\/orderwisly.pl\/wp-content\/uploads\/2023\/02\/zawichost-960x343.jpg 960w\" sizes=\"auto, (max-width: 1936px) 100vw, 1936px\" \/><img loading=\"lazy\" decoding=\"async\" width=\"694\" height=\"694\" class=\"wp-image-420\" style=\"width: 78px; vertical-align:middle;margin:15px\" src=\"https:\/\/orderwisly.pl\/wp-content\/uploads\/2023\/02\/winiarze.jpg\" alt=\"\" srcset=\"https:\/\/orderwisly.pl\/wp-content\/uploads\/2023\/02\/winiarze.jpg 694w, https:\/\/orderwisly.pl\/wp-content\/uploads\/2023\/02\/winiarze-300x300.jpg 300w, https:\/\/orderwisly.pl\/wp-content\/uploads\/2023\/02\/winiarze-150x150.jpg 150w\" sizes=\"auto, (max-width: 694px) 100vw, 694px\" \/> <img loading=\"lazy\" decoding=\"async\" width=\"2560\" height=\"798\" class=\"wp-image-412\" style=\"width: 150px; vertical-align:middle;margin:15px\" src=\"https:\/\/orderwisly.pl\/wp-content\/uploads\/2023\/02\/prokop-scaled.jpg\" alt=\"\" srcset=\"https:\/\/orderwisly.pl\/wp-content\/uploads\/2023\/02\/prokop-scaled.jpg 2560w, https:\/\/orderwisly.pl\/wp-content\/uploads\/2023\/02\/prokop-300x94.jpg 300w, https:\/\/orderwisly.pl\/wp-content\/uploads\/2023\/02\/prokop-1024x319.jpg 1024w, https:\/\/orderwisly.pl\/wp-content\/uploads\/2023\/02\/prokop-768x239.jpg 768w, https:\/\/orderwisly.pl\/wp-content\/uploads\/2023\/02\/prokop-1536x479.jpg 1536w, https:\/\/orderwisly.pl\/wp-content\/uploads\/2023\/02\/prokop-2048x638.jpg 2048w, https:\/\/orderwisly.pl\/wp-content\/uploads\/2023\/02\/prokop-960x299.jpg 960w\" sizes=\"auto, (max-width: 2560px) 100vw, 2560px\" \/><img loading=\"lazy\" decoding=\"async\" width=\"815\" height=\"706\" class=\"wp-image-410\" style=\"width: 90px; vertical-align:middle;margin:15px\" src=\"https:\/\/orderwisly.pl\/wp-content\/uploads\/2023\/02\/cizemka.jpg\" alt=\"\" srcset=\"https:\/\/orderwisly.pl\/wp-content\/uploads\/2023\/02\/cizemka.jpg 815w, https:\/\/orderwisly.pl\/wp-content\/uploads\/2023\/02\/cizemka-300x260.jpg 300w, https:\/\/orderwisly.pl\/wp-content\/uploads\/2023\/02\/cizemka-768x665.jpg 768w\" sizes=\"auto, (max-width: 815px) 100vw, 815px\" \/><\/p>\n<\/div><\/div>\n\n\n\n<p class=\"has-text-align-center has-small-font-size\">Chor\u0105giew Rycerstwa Ziemi Sandomierskiej, Parafia pw. Nawr\u00f3cenia \u015bw. Paw\u0142a Aposto\u0142a, Klasztor oo. Dominikan\u00f3w w Sandomierzu, Kwitn\u0105ce Jab\u0142onie, Zamkowa Grupa Wokalna SAN-do-MIR, F.H.U. \u201eJAP\u201d, Survival Adventure Extreme<\/p>\n\n\n\n<p class=\"has-text-align-center\"><strong>Patronat medialny<\/strong><br><br>&nbsp;&nbsp;&nbsp;<img loading=\"lazy\" decoding=\"async\" width=\"350\" height=\"135\" class=\"wp-image-544\" style=\"width: 150px;vertical-align:middle;margin:15px\" src=\"https:\/\/orderwisly.pl\/wp-content\/uploads\/2024\/02\/Leliwa-logo.jpg\" alt=\"\" srcset=\"https:\/\/orderwisly.pl\/wp-content\/uploads\/2024\/02\/Leliwa-logo.jpg 350w, https:\/\/orderwisly.pl\/wp-content\/uploads\/2024\/02\/Leliwa-logo-300x116.jpg 300w\" sizes=\"auto, (max-width: 350px) 100vw, 350px\" \/>&nbsp;&nbsp;&nbsp;<img loading=\"lazy\" decoding=\"async\" width=\"2043\" height=\"577\" margin=\"20px;\" class=\"wp-image-554\" style=\"width: 150px;vertical-align:middle;margin:15px\" src=\"https:\/\/orderwisly.pl\/wp-content\/uploads\/2024\/02\/logo_tyna.jpeg\" alt=\"\" srcset=\"https:\/\/orderwisly.pl\/wp-content\/uploads\/2024\/02\/logo_tyna.jpeg 2043w, https:\/\/orderwisly.pl\/wp-content\/uploads\/2024\/02\/logo_tyna-300x85.jpeg 300w, https:\/\/orderwisly.pl\/wp-content\/uploads\/2024\/02\/logo_tyna-1024x289.jpeg 1024w, https:\/\/orderwisly.pl\/wp-content\/uploads\/2024\/02\/logo_tyna-768x217.jpeg 768w, https:\/\/orderwisly.pl\/wp-content\/uploads\/2024\/02\/logo_tyna-1536x434.jpeg 1536w, https:\/\/orderwisly.pl\/wp-content\/uploads\/2024\/02\/logo_tyna-960x271.jpeg 960w\" sizes=\"auto, (max-width: 2043px) 100vw, 2043px\" \/><img loading=\"lazy\" decoding=\"async\" width=\"1372\" height=\"904\" class=\"wp-image-557\" style=\"width: 150px; vertical-align:middle;margin:15px\" src=\"https:\/\/orderwisly.pl\/wp-content\/uploads\/2024\/02\/echodnia-logo.jpeg\" alt=\"\" srcset=\"https:\/\/orderwisly.pl\/wp-content\/uploads\/2024\/02\/echodnia-logo.jpeg 1372w, https:\/\/orderwisly.pl\/wp-content\/uploads\/2024\/02\/echodnia-logo-300x198.jpeg 300w, https:\/\/orderwisly.pl\/wp-content\/uploads\/2024\/02\/echodnia-logo-1024x675.jpeg 1024w, https:\/\/orderwisly.pl\/wp-content\/uploads\/2024\/02\/echodnia-logo-768x506.jpeg 768w, https:\/\/orderwisly.pl\/wp-content\/uploads\/2024\/02\/echodnia-logo-960x633.jpeg 960w\" sizes=\"auto, (max-width: 1372px) 100vw, 1372px\" \/><img loading=\"lazy\" decoding=\"async\" width=\"20000\" height=\"6150\" class=\"wp-image-581\" style=\"width: 150px;vertical-align:middle;margin:15px\" src=\"https:\/\/orderwisly.pl\/wp-content\/uploads\/2024\/02\/LOGO_STVINFO.png\" alt=\"\" srcset=\"https:\/\/orderwisly.pl\/wp-content\/uploads\/2024\/02\/LOGO_STVINFO.png 20000w, https:\/\/orderwisly.pl\/wp-content\/uploads\/2024\/02\/LOGO_STVINFO-300x92.png 300w, https:\/\/orderwisly.pl\/wp-content\/uploads\/2024\/02\/LOGO_STVINFO-1024x315.png 1024w, https:\/\/orderwisly.pl\/wp-content\/uploads\/2024\/02\/LOGO_STVINFO-768x236.png 768w, https:\/\/orderwisly.pl\/wp-content\/uploads\/2024\/02\/LOGO_STVINFO-1536x472.png 1536w, https:\/\/orderwisly.pl\/wp-content\/uploads\/2024\/02\/LOGO_STVINFO-2048x630.png 2048w, https:\/\/orderwisly.pl\/wp-content\/uploads\/2024\/02\/LOGO_STVINFO-960x295.png 960w\" sizes=\"auto, (max-width: 20000px) 100vw, 20000px\" \/><br><br><\/p>\n\n\n\n<p class=\"has-text-align-center has-medium-font-size\"><strong>Organizatorzy, wsp\u00f3\u0142organizatorzy<\/strong><br><br><sup><a href=\"http:\/\/www.zamek-sandomierz.pl\/\" target=\"_blank\" rel=\"noreferrer noopener\"><img loading=\"lazy\" decoding=\"async\" width=\"120\" height=\"120\" class=\"wp-image-308\" style=\"width: 120px;\" src=\"https:\/\/orderwisly.pl\/wp-content\/uploads\/2023\/01\/mz_logo_braz_2022.jpg\" alt=\"\" srcset=\"https:\/\/orderwisly.pl\/wp-content\/uploads\/2023\/01\/mz_logo_braz_2022.jpg 474w, https:\/\/orderwisly.pl\/wp-content\/uploads\/2023\/01\/mz_logo_braz_2022-300x300.jpg 300w, https:\/\/orderwisly.pl\/wp-content\/uploads\/2023\/01\/mz_logo_braz_2022-150x150.jpg 150w\" sizes=\"auto, (max-width: 120px) 100vw, 120px\" \/><\/a>        <img loading=\"lazy\" decoding=\"async\" width=\"210\" height=\"81\" class=\"wp-image-700\" style=\"width: 210px;\" src=\"https:\/\/orderwisly.pl\/wp-content\/uploads\/2025\/01\/logo-collegium-Gostomianum.png\" alt=\"\" srcset=\"https:\/\/orderwisly.pl\/wp-content\/uploads\/2025\/01\/logo-collegium-Gostomianum.png 1862w, https:\/\/orderwisly.pl\/wp-content\/uploads\/2025\/01\/logo-collegium-Gostomianum-300x116.png 300w, https:\/\/orderwisly.pl\/wp-content\/uploads\/2025\/01\/logo-collegium-Gostomianum-1024x397.png 1024w, https:\/\/orderwisly.pl\/wp-content\/uploads\/2025\/01\/logo-collegium-Gostomianum-768x297.png 768w, https:\/\/orderwisly.pl\/wp-content\/uploads\/2025\/01\/logo-collegium-Gostomianum-1536x595.png 1536w, https:\/\/orderwisly.pl\/wp-content\/uploads\/2025\/01\/logo-collegium-Gostomianum-960x372.png 960w\" sizes=\"auto, (max-width: 210px) 100vw, 210px\" \/><\/sup> <sup>      <\/sup><img loading=\"lazy\" decoding=\"async\" width=\"130\" height=\"128\" class=\"wp-image-704\" style=\"width: 130px;\" src=\"https:\/\/orderwisly.pl\/wp-content\/uploads\/2025\/01\/loga-kapitula-orw.png\" alt=\"\" srcset=\"https:\/\/orderwisly.pl\/wp-content\/uploads\/2025\/01\/loga-kapitula-orw.png 1121w, https:\/\/orderwisly.pl\/wp-content\/uploads\/2025\/01\/loga-kapitula-orw-300x296.png 300w, https:\/\/orderwisly.pl\/wp-content\/uploads\/2025\/01\/loga-kapitula-orw-1024x1011.png 1024w, https:\/\/orderwisly.pl\/wp-content\/uploads\/2025\/01\/loga-kapitula-orw-768x758.png 768w, https:\/\/orderwisly.pl\/wp-content\/uploads\/2025\/01\/loga-kapitula-orw-960x948.png 960w\" sizes=\"auto, (max-width: 130px) 100vw, 130px\" \/>     <sup><a href=\"http:\/\/www.sandomierka.pl\" target=\"_blank\" rel=\"noreferrer noopener\"><img loading=\"lazy\" decoding=\"async\" width=\"120\" height=\"120\" class=\"wp-image-312\" style=\"width: 120px;\" src=\"https:\/\/orderwisly.pl\/wp-content\/uploads\/2023\/01\/Fundacja-Sandomierka-raster-scaled.jpeg\" alt=\"\" srcset=\"https:\/\/orderwisly.pl\/wp-content\/uploads\/2023\/01\/Fundacja-Sandomierka-raster-scaled.jpeg 2560w, https:\/\/orderwisly.pl\/wp-content\/uploads\/2023\/01\/Fundacja-Sandomierka-raster-300x300.jpeg 300w, https:\/\/orderwisly.pl\/wp-content\/uploads\/2023\/01\/Fundacja-Sandomierka-raster-1024x1024.jpeg 1024w, https:\/\/orderwisly.pl\/wp-content\/uploads\/2023\/01\/Fundacja-Sandomierka-raster-150x150.jpeg 150w, https:\/\/orderwisly.pl\/wp-content\/uploads\/2023\/01\/Fundacja-Sandomierka-raster-768x768.jpeg 768w, https:\/\/orderwisly.pl\/wp-content\/uploads\/2023\/01\/Fundacja-Sandomierka-raster-1536x1536.jpeg 1536w, https:\/\/orderwisly.pl\/wp-content\/uploads\/2023\/01\/Fundacja-Sandomierka-raster-2048x2048.jpeg 2048w, https:\/\/orderwisly.pl\/wp-content\/uploads\/2023\/01\/Fundacja-Sandomierka-raster-960x960.jpeg 960w\" sizes=\"auto, (max-width: 120px) 100vw, 120px\" \/><\/a><\/sup><\/p>\n\n\n\n<p class=\"has-text-align-center has-medium-font-size\"><strong>Gospodarze VI Gali Orderu Rzeki Wis\u0142y<\/strong><\/p>\n\n\n\n<p class=\"has-text-align-center has-small-font-size\">Sylwia Rybacka, Izabela Wi\u015bniewska<\/p>\n\n\n\n<p class=\"has-text-align-center\"><strong>Projekt zosta\u0142 dofinansowany ze \u015brodk\u00f3w Samorz\u0105du Wojew\u00f3dztwa \u015awi\u0119tokrzyskiego w 2025 r.<\/strong><\/p>\n","protected":false},"excerpt":{"rendered":"<p>Szanowni Pa\u0144stwo,Jeste\u015bmy dumni, \u017ce rokrocznie mo\u017cemy liczy\u0107 na Pa\u0144stwa wsparcie, \u017ce zawieramy nowe partnerstwa i razem realizujemy idee zwi\u0105zane z tradycj\u0105 Rzeki Wis\u0142y. Zapraszamy ka\u017cdego, kto chcia\u0142by pom\u00f3c w naszej oddolnej, apolitycznej inicjatywie nagradzania najbardziej zas\u0142u\u017conych w zakresie promocji tradycji wi\u015blanych, \u017ceglugi oraz szkutnictwa. VII Gala Orderu Rzeki Wis\u0142y Sandomierz 202515-16 lutego Honorowy patronat oraz <a href=\"https:\/\/orderwisly.pl\/?page_id=663\" class=\"more-link\">Czytaj dalej...<span class=\"screen-reader-text\"> \"Partnerzy VII Gali\"<\/span><\/a><\/p>\n","protected":false},"author":1,"featured_media":0,"parent":0,"menu_order":0,"comment_status":"closed","ping_status":"closed","template":"","meta":{"footnotes":""},"class_list":["post-663","page","type-page","status-publish","h-entry","hentry","h-as-page"],"_links":{"self":[{"href":"https:\/\/orderwisly.pl\/index.php?rest_route=\/wp\/v2\/pages\/663","targetHints":{"allow":["GET"]}}],"collection":[{"href":"https:\/\/orderwisly.pl\/index.php?rest_route=\/wp\/v2\/pages"}],"about":[{"href":"https:\/\/orderwisly.pl\/index.php?rest_route=\/wp\/v2\/types\/page"}],"author":[{"embeddable":true,"href":"https:\/\/orderwisly.pl\/index.php?rest_route=\/wp\/v2\/users\/1"}],"replies":[{"embeddable":true,"href":"https:\/\/orderwisly.pl\/index.php?rest_route=%2Fwp%2Fv2%2Fcomments&post=663"}],"version-history":[{"count":12,"href":"https:\/\/orderwisly.pl\/index.php?rest_route=\/wp\/v2\/pages\/663\/revisions"}],"predecessor-version":[{"id":735,"href":"https:\/\/orderwisly.pl\/index.php?rest_route=\/wp\/v2\/pages\/663\/revisions\/735"}],"wp:attachment":[{"href":"https:\/\/orderwisly.pl\/index.php?rest_route=%2Fwp%2Fv2%2Fmedia&parent=663"}],"curies":[{"name":"wp","href":"https:\/\/api.w.org\/{rel}","templated":true}]}}